{"id":37472,"date":"2023-01-29T16:19:02","date_gmt":"2023-01-29T16:19:02","guid":{"rendered":"https:\/\/karina-apartments.com\/sehenswuerdigkeiten\/"},"modified":"2023-05-31T18:36:47","modified_gmt":"2023-05-31T18:36:47","slug":"sehenswuerdigkeiten","status":"publish","type":"page","link":"https:\/\/karina-apartments.com\/de\/sehenswuerdigkeiten\/","title":{"rendered":"Sehensw\u00fcrdigkeiten"},"content":{"rendered":"\t\t<div data-elementor-type=\"wp-page\" data-elementor-id=\"37472\" class=\"elementor elementor-37472 elementor-36554\">\n\t\t\t\t\t\t<section class=\"elementor-section elementor-top-section elementor-element elementor-element-a0e61de elementor-section-boxed elementor-section-height-default elementor-section-height-default\" data-id=\"a0e61de\" data-element_type=\"section\" data-e-type=\"section\">\n\t\t\t\t\t\t<div class=\"elementor-container elementor-column-gap-no\">\n\t\t\t\t\t<div class=\"elementor-column elementor-col-100 elementor-top-column elementor-element elementor-element-27861ea\" data-id=\"27861ea\" data-element_type=\"column\" data-e-type=\"column\">\n\t\t\t<div class=\"elementor-widget-wrap elementor-element-populated\">\n\t\t\t\t\t\t<div class=\"elementor-element elementor-element-80bacb8 elementor-invisible elementor-widget elementor-widget-heading\" data-id=\"80bacb8\" data-element_type=\"widget\" data-e-type=\"widget\" data-settings=\"{&quot;_animation&quot;:&quot;fadeIn&quot;,&quot;_animation_delay&quot;:200}\" data-widget_type=\"heading.default\">\n\t\t\t\t<div class=\"elementor-widget-container\">\n\t\t\t\t\t<h2 class=\"elementor-heading-title elementor-size-default\">Sightseeing<\/h2>\t\t\t\t<\/div>\n\t\t\t\t<\/div>\n\t\t\t\t<div class=\"elementor-element elementor-element-cbb156d elementor-widget elementor-widget-text-editor\" data-id=\"cbb156d\" data-element_type=\"widget\" data-e-type=\"widget\" data-widget_type=\"text-editor.default\">\n\t\t\t\t<div class=\"elementor-widget-container\">\n\t\t\t\t\t\t\t\t\tDie Insel Bra\u010d in Kroatien ist f\u00fcr zwei Dinge ber\u00fchmt: ihren wei\u00dfen Stein und den Strand Zlatni Rat. Der wei\u00dfe Stein von Bra\u010d wurde f\u00fcr den Bau des Diokletianpalastes in Split und des Wei\u00dfen Hauses in Washington DC verwendet. Aber das Beste daran: Bra\u010d ist mit mehr als 2700 Sonnenstunden im Jahr eine der sonnigsten Gegenden Kroatiens. Bra\u010d ist beliebt bei Sonnenanbetern, aber auch bei Urlaubern, die die Natur suchen. Die goldgelben Str\u00e4nde, das klare blaue Meer und das angenehme Mittelmeerklima machen die Insel zu einem idealen Ort f\u00fcr Strandliebhaber.\n\t\t\t\t\t\t\t\t<\/div>\n\t\t\t\t<\/div>\n\t\t\t\t\t<\/div>\n\t\t<\/div>\n\t\t\t\t\t<\/div>\n\t\t<\/section>\n\t\t\t\t<section class=\"elementor-section elementor-top-section elementor-element elementor-element-b76aeeb elementor-section-boxed elementor-section-height-default elementor-section-height-default\" data-id=\"b76aeeb\" data-element_type=\"section\" data-e-type=\"section\" data-settings=\"{&quot;background_background&quot;:&quot;classic&quot;}\">\n\t\t\t\t\t\t<div class=\"elementor-container elementor-column-gap-no\">\n\t\t\t\t\t<div class=\"elementor-column elementor-col-50 elementor-top-column elementor-element elementor-element-741f275 elementor-invisible\" data-id=\"741f275\" data-element_type=\"column\" data-e-type=\"column\" data-settings=\"{&quot;animation&quot;:&quot;fadeIn&quot;,&quot;animation_delay&quot;:200}\">\n\t\t\t<div class=\"elementor-widget-wrap elementor-element-populated\">\n\t\t\t\t\t\t<div class=\"elementor-element elementor-element-c525a80 elementor-widget elementor-widget-image\" data-id=\"c525a80\" data-element_type=\"widget\" data-e-type=\"widget\" data-widget_type=\"image.default\">\n\t\t\t\t<div class=\"elementor-widget-container\">\n\t\t\t\t\t\t\t\t\t\t\t\t\t\t\t<img fetchpriority=\"high\" decoding=\"async\" width=\"418\" height=\"278\" src=\"https:\/\/karina-apartments.com\/wp-content\/uploads\/2023\/03\/Zlatni-Rat-Strand-hoofdstuk-omgeving.jpg\" class=\"attachment-large size-large wp-image-38071\" alt=\"\" srcset=\"https:\/\/karina-apartments.com\/wp-content\/uploads\/2023\/03\/Zlatni-Rat-Strand-hoofdstuk-omgeving.jpg 418w, https:\/\/karina-apartments.com\/wp-content\/uploads\/2023\/03\/Zlatni-Rat-Strand-hoofdstuk-omgeving-300x200.jpg 300w, https:\/\/karina-apartments.com\/wp-content\/uploads\/2023\/03\/Zlatni-Rat-Strand-hoofdstuk-omgeving-240x160.jpg 240w\" sizes=\"(max-width: 418px) 100vw, 418px\" \/>\t\t\t\t\t\t\t\t\t\t\t\t\t\t\t<\/div>\n\t\t\t\t<\/div>\n\t\t\t\t\t<\/div>\n\t\t<\/div>\n\t\t\t\t<div class=\"elementor-column elementor-col-50 elementor-top-column elementor-element elementor-element-d6a54d1 elementor-invisible\" data-id=\"d6a54d1\" data-element_type=\"column\" data-e-type=\"column\" data-settings=\"{&quot;animation&quot;:&quot;fadeIn&quot;,&quot;animation_delay&quot;:500}\">\n\t\t\t<div class=\"elementor-widget-wrap elementor-element-populated\">\n\t\t\t\t\t\t<div class=\"elementor-element elementor-element-eb6803c elementor-widget elementor-widget-heading\" data-id=\"eb6803c\" data-element_type=\"widget\" data-e-type=\"widget\" data-widget_type=\"heading.default\">\n\t\t\t\t<div class=\"elementor-widget-container\">\n\t\t\t\t\t<h1 class=\"elementor-heading-title elementor-size-default\">Der Strand von Zlatni Rat\n<\/h1>\t\t\t\t<\/div>\n\t\t\t\t<\/div>\n\t\t\t\t<div class=\"elementor-element elementor-element-91e03f1 elementor-widget elementor-widget-heading\" data-id=\"91e03f1\" data-element_type=\"widget\" data-e-type=\"widget\" data-widget_type=\"heading.default\">\n\t\t\t\t<div class=\"elementor-widget-container\">\n\t\t\t\t\t<p class=\"elementor-heading-title elementor-size-default\">Die gr\u00f6\u00dfte Attraktion der Insel ist nat\u00fcrlich der sehr sch\u00f6ne Strand von Zlatni Rat bei Bol. Der Strand verl\u00e4uft in einer Art Riss, mit einem Waldst\u00fcck in der Mitte. Auf beiden Seiten des Waldes finden Sie einen Strandstreifen, so dass Sie zwischen Schatten und Sonne wechseln k\u00f6nnen.\n<\/p>\t\t\t\t<\/div>\n\t\t\t\t<\/div>\n\t\t\t\t\t<\/div>\n\t\t<\/div>\n\t\t\t\t\t<\/div>\n\t\t<\/section>\n\t\t\t\t<section class=\"elementor-section elementor-top-section elementor-element elementor-element-0e943d3 elementor-section-boxed elementor-section-height-default elementor-section-height-default\" data-id=\"0e943d3\" data-element_type=\"section\" data-e-type=\"section\" data-settings=\"{&quot;background_background&quot;:&quot;classic&quot;}\">\n\t\t\t\t\t\t<div class=\"elementor-container elementor-column-gap-no\">\n\t\t\t\t\t<div class=\"elementor-column elementor-col-50 elementor-top-column elementor-element elementor-element-57145e0 elementor-invisible\" data-id=\"57145e0\" data-element_type=\"column\" data-e-type=\"column\" data-settings=\"{&quot;animation&quot;:&quot;fadeIn&quot;,&quot;animation_delay&quot;:200}\">\n\t\t\t<div class=\"elementor-widget-wrap elementor-element-populated\">\n\t\t\t\t\t\t<div class=\"elementor-element elementor-element-80e37fb elementor-widget elementor-widget-image\" data-id=\"80e37fb\" data-element_type=\"widget\" data-e-type=\"widget\" data-widget_type=\"image.default\">\n\t\t\t\t<div class=\"elementor-widget-container\">\n\t\t\t\t\t\t\t\t\t\t\t\t\t\t\t<img decoding=\"async\" src=\"https:\/\/karina-apartments.com\/wp-content\/uploads\/elementor\/thumbs\/Vidova-Gora\u200b-q1dvaq18aleg6hloimiwf8ccoaxpc6z5bji6sshvfk.jpg\" title=\"Vidova Gora\u200b\" alt=\"Vidova Gora\u200b\" loading=\"lazy\" \/>\t\t\t\t\t\t\t\t\t\t\t\t\t\t\t<\/div>\n\t\t\t\t<\/div>\n\t\t\t\t\t<\/div>\n\t\t<\/div>\n\t\t\t\t<div class=\"elementor-column elementor-col-50 elementor-top-column elementor-element elementor-element-07c0928 elementor-invisible\" data-id=\"07c0928\" data-element_type=\"column\" data-e-type=\"column\" data-settings=\"{&quot;animation&quot;:&quot;fadeIn&quot;,&quot;animation_delay&quot;:500}\">\n\t\t\t<div class=\"elementor-widget-wrap elementor-element-populated\">\n\t\t\t\t\t\t<div class=\"elementor-element elementor-element-1d2f48b elementor-widget elementor-widget-heading\" data-id=\"1d2f48b\" data-element_type=\"widget\" data-e-type=\"widget\" data-widget_type=\"heading.default\">\n\t\t\t\t<div class=\"elementor-widget-container\">\n\t\t\t\t\t<h2 class=\"elementor-heading-title elementor-size-default\">Drachenh\u00f6hle\n<\/h2>\t\t\t\t<\/div>\n\t\t\t\t<\/div>\n\t\t\t\t<div class=\"elementor-element elementor-element-bf3b37c elementor-widget elementor-widget-heading\" data-id=\"bf3b37c\" data-element_type=\"widget\" data-e-type=\"widget\" data-widget_type=\"heading.default\">\n\t\t\t\t<div class=\"elementor-widget-container\">\n\t\t\t\t\t<p class=\"elementor-heading-title elementor-size-default\">Murvica ist eines der kleinsten D\u00f6rfer auf der Insel Bra\u010d und liegt nicht weit vom sch\u00f6nen Sandstrand von Bol entfernt. Das Dorf geht auf das dritte Jahrhundert zur\u00fcck und im f\u00fcnfzehnten und sechzehnten Jahrhundert lebten M\u00f6nche in den Kl\u00f6stern und H\u00f6hlen oberhalb des Dorfes. Eine dieser H\u00f6hlen ist die Drachenh\u00f6hle, die Zmajeva \u0160pilja. \u00dcber einen Hirtenpfad gelangt man auf den Gipfel, wo man nicht nur einen sch\u00f6nen Blick auf Bra\u010d und die K\u00fcste hat, sondern auch die H\u00f6hle selbst besichtigen kann. Der M\u00f6nch, der hier lebte, schnitzte einen Drachen und andere besondere Reliefs in die Felsen. Zu sehen sind auch die \u00dcberreste einer kleinen Kapelle und die Wohnh\u00e4user der M\u00f6nche, die hier einst lebten.\n<\/p>\t\t\t\t<\/div>\n\t\t\t\t<\/div>\n\t\t\t\t\t<\/div>\n\t\t<\/div>\n\t\t\t\t\t<\/div>\n\t\t<\/section>\n\t\t\t\t<section class=\"elementor-section elementor-top-section elementor-element elementor-element-069eed0 elementor-section-boxed elementor-section-height-default elementor-section-height-default\" data-id=\"069eed0\" data-element_type=\"section\" data-e-type=\"section\" data-settings=\"{&quot;background_background&quot;:&quot;classic&quot;}\">\n\t\t\t\t\t\t<div class=\"elementor-container elementor-column-gap-no\">\n\t\t\t\t\t<div class=\"elementor-column elementor-col-50 elementor-top-column elementor-element elementor-element-112e5db elementor-invisible\" data-id=\"112e5db\" data-element_type=\"column\" data-e-type=\"column\" data-settings=\"{&quot;animation&quot;:&quot;fadeIn&quot;,&quot;animation_delay&quot;:200}\">\n\t\t\t<div class=\"elementor-widget-wrap elementor-element-populated\">\n\t\t\t\t\t\t<div class=\"elementor-element elementor-element-4a622ab elementor-widget elementor-widget-image\" data-id=\"4a622ab\" data-element_type=\"widget\" data-e-type=\"widget\" data-widget_type=\"image.default\">\n\t\t\t\t<div class=\"elementor-widget-container\">\n\t\t\t\t\t\t\t\t\t\t\t\t\t\t\t<img decoding=\"async\" src=\"https:\/\/karina-apartments.com\/wp-content\/uploads\/elementor\/thumbs\/Vidova-Gora-hoofdstuk-omgeving-q2zkbs6ioe2zmbk7d6wyi0dqt21jdxu8ntpvmzqhcw.jpg\" title=\"Vidova Gora hoofdstuk omgeving\" alt=\"Vidova Gora hoofdstuk omgeving\" loading=\"lazy\" \/>\t\t\t\t\t\t\t\t\t\t\t\t\t\t\t<\/div>\n\t\t\t\t<\/div>\n\t\t\t\t\t<\/div>\n\t\t<\/div>\n\t\t\t\t<div class=\"elementor-column elementor-col-50 elementor-top-column elementor-element elementor-element-0dc37ee elementor-invisible\" data-id=\"0dc37ee\" data-element_type=\"column\" data-e-type=\"column\" data-settings=\"{&quot;animation&quot;:&quot;fadeIn&quot;,&quot;animation_delay&quot;:500}\">\n\t\t\t<div class=\"elementor-widget-wrap elementor-element-populated\">\n\t\t\t\t\t\t<div class=\"elementor-element elementor-element-4aa492e elementor-widget elementor-widget-heading\" data-id=\"4aa492e\" data-element_type=\"widget\" data-e-type=\"widget\" data-widget_type=\"heading.default\">\n\t\t\t\t<div class=\"elementor-widget-container\">\n\t\t\t\t\t<h2 class=\"elementor-heading-title elementor-size-default\">Vidova Gora<\/h2>\t\t\t\t<\/div>\n\t\t\t\t<\/div>\n\t\t\t\t<div class=\"elementor-element elementor-element-62a5ae4 elementor-widget elementor-widget-heading\" data-id=\"62a5ae4\" data-element_type=\"widget\" data-e-type=\"widget\" data-widget_type=\"heading.default\">\n\t\t\t\t<div class=\"elementor-widget-container\">\n\t\t\t\t\t<p class=\"elementor-heading-title elementor-size-default\">Vidova gora ist ein Berg auf der Insel Bra\u010d in Mitteldalmatien. Mit einer H\u00f6he von 778 Metern ist sie die h\u00f6chste Erhebung an der Adriak\u00fcste. Der Berg befindet sich im s\u00fcdlichen Teil der Insel, nicht weit von der Stadt Bol entfernt. Von der Spitze aus kann man auch andere dalmatinische Inseln in der Region sehen, darunter Hvar. Die Aussicht ist atemberaubend. Die Besteigung des Berges erfolgt in der Regel vom Touristenort Bol aus. Von Norden her f\u00fchrt eine Stra\u00dfe hinauf, auf der der Gipfel auch mit Fahrzeugen erreicht werden kann.\n<\/p>\t\t\t\t<\/div>\n\t\t\t\t<\/div>\n\t\t\t\t\t<\/div>\n\t\t<\/div>\n\t\t\t\t\t<\/div>\n\t\t<\/section>\n\t\t\t\t<section class=\"elementor-section elementor-top-section elementor-element elementor-element-18c3118 elementor-section-boxed elementor-section-height-default elementor-section-height-default\" data-id=\"18c3118\" data-element_type=\"section\" data-e-type=\"section\" data-settings=\"{&quot;background_background&quot;:&quot;classic&quot;}\">\n\t\t\t\t\t\t<div class=\"elementor-container elementor-column-gap-no\">\n\t\t\t\t\t<div class=\"elementor-column elementor-col-50 elementor-top-column elementor-element elementor-element-7383961 elementor-invisible\" data-id=\"7383961\" data-element_type=\"column\" data-e-type=\"column\" data-settings=\"{&quot;animation&quot;:&quot;fadeIn&quot;,&quot;animation_delay&quot;:200}\">\n\t\t\t<div class=\"elementor-widget-wrap elementor-element-populated\">\n\t\t\t\t\t\t<div class=\"elementor-element elementor-element-bb07fba elementor-widget elementor-widget-image\" data-id=\"bb07fba\" data-element_type=\"widget\" data-e-type=\"widget\" data-widget_type=\"image.default\">\n\t\t\t\t<div class=\"elementor-widget-container\">\n\t\t\t\t\t\t\t\t\t\t\t\t\t\t\t<img decoding=\"async\" src=\"https:\/\/karina-apartments.com\/wp-content\/uploads\/elementor\/thumbs\/auto-tour-q1dvan7pq3al7nprz3b0pr1yw5blp3nyb5jqcym1y8.jpg\" title=\"auto tour\" alt=\"auto tour\" loading=\"lazy\" \/>\t\t\t\t\t\t\t\t\t\t\t\t\t\t\t<\/div>\n\t\t\t\t<\/div>\n\t\t\t\t\t<\/div>\n\t\t<\/div>\n\t\t\t\t<div class=\"elementor-column elementor-col-50 elementor-top-column elementor-element elementor-element-f3ca44e elementor-invisible\" data-id=\"f3ca44e\" data-element_type=\"column\" data-e-type=\"column\" data-settings=\"{&quot;animation&quot;:&quot;fadeIn&quot;,&quot;animation_delay&quot;:500}\">\n\t\t\t<div class=\"elementor-widget-wrap elementor-element-populated\">\n\t\t\t\t\t\t<div class=\"elementor-element elementor-element-a9877d4 elementor-widget elementor-widget-heading\" data-id=\"a9877d4\" data-element_type=\"widget\" data-e-type=\"widget\" data-widget_type=\"heading.default\">\n\t\t\t\t<div class=\"elementor-widget-container\">\n\t\t\t\t\t<h2 class=\"elementor-heading-title elementor-size-default\">Mit dem Auto auf Tour\n<\/h2>\t\t\t\t<\/div>\n\t\t\t\t<\/div>\n\t\t\t\t<div class=\"elementor-element elementor-element-3b9144d elementor-widget elementor-widget-heading\" data-id=\"3b9144d\" data-element_type=\"widget\" data-e-type=\"widget\" data-widget_type=\"heading.default\">\n\t\t\t\t<div class=\"elementor-widget-container\">\n\t\t\t\t\t<p class=\"elementor-heading-title elementor-size-default\">Eine Inselrundfahrt geh\u00f6rt zu den sch\u00f6nsten Dingen, die man machen kann. Die Insel ist klein, \u00fcberschaubar und es gibt viele sch\u00f6ne Haltestellen. Die Erkundung der Steind\u00f6rfer von Bra\u010d ist ein sch\u00f6nes Erlebnis. Auf der Insel gibt es eine Reihe von kleinen D\u00f6rfern, in denen die Zeit stehen geblieben zu sein scheint. Eine Reihe von sch\u00f6nen Orten: Supetar, Bol, Sutivan, Milna, Splitska, Postira und das alte monumentale Dorf Skrip.\n<\/p>\t\t\t\t<\/div>\n\t\t\t\t<\/div>\n\t\t\t\t\t<\/div>\n\t\t<\/div>\n\t\t\t\t\t<\/div>\n\t\t<\/section>\n\t\t\t\t<section class=\"elementor-section elementor-top-section elementor-element elementor-element-c32c7a6 elementor-section-boxed elementor-section-height-default elementor-section-height-default\" data-id=\"c32c7a6\" data-element_type=\"section\" data-e-type=\"section\" data-settings=\"{&quot;background_background&quot;:&quot;classic&quot;}\">\n\t\t\t\t\t\t<div class=\"elementor-container elementor-column-gap-no\">\n\t\t\t\t\t<div class=\"elementor-column elementor-col-50 elementor-top-column elementor-element elementor-element-419b233 elementor-invisible\" data-id=\"419b233\" data-element_type=\"column\" data-e-type=\"column\" data-settings=\"{&quot;animation&quot;:&quot;fadeIn&quot;,&quot;animation_delay&quot;:200}\">\n\t\t\t<div class=\"elementor-widget-wrap elementor-element-populated\">\n\t\t\t\t\t\t<div class=\"elementor-element elementor-element-2c804f5 elementor-widget elementor-widget-image\" data-id=\"2c804f5\" data-element_type=\"widget\" data-e-type=\"widget\" data-widget_type=\"image.default\">\n\t\t\t\t<div class=\"elementor-widget-container\">\n\t\t\t\t\t\t\t\t\t\t\t\t\t\t\t<img decoding=\"async\" src=\"https:\/\/karina-apartments.com\/wp-content\/uploads\/elementor\/thumbs\/Foto-hoofdstuk-omgeving-een-dagtrip-naar-het-vasteland-q2zjcuigo29c42b1d3a4ttqzzi8fax5duwu7irj8m8.jpg\" title=\"Foto hoofdstuk omgeving &#8218;een dagtrip naar het vasteland&#8216;\" alt=\"Foto hoofdstuk omgeving &#039;een dagtrip naar het vasteland&#039;\" loading=\"lazy\" \/>\t\t\t\t\t\t\t\t\t\t\t\t\t\t\t<\/div>\n\t\t\t\t<\/div>\n\t\t\t\t\t<\/div>\n\t\t<\/div>\n\t\t\t\t<div class=\"elementor-column elementor-col-50 elementor-top-column elementor-element elementor-element-e09134d elementor-invisible\" data-id=\"e09134d\" data-element_type=\"column\" data-e-type=\"column\" data-settings=\"{&quot;animation&quot;:&quot;fadeIn&quot;,&quot;animation_delay&quot;:500}\">\n\t\t\t<div class=\"elementor-widget-wrap elementor-element-populated\">\n\t\t\t\t\t\t<div class=\"elementor-element elementor-element-a79b854 elementor-widget elementor-widget-heading\" data-id=\"a79b854\" data-element_type=\"widget\" data-e-type=\"widget\" data-widget_type=\"heading.default\">\n\t\t\t\t<div class=\"elementor-widget-container\">\n\t\t\t\t\t<h2 class=\"elementor-heading-title elementor-size-default\">Ein Tagesausflug auf das Festland\n<\/h2>\t\t\t\t<\/div>\n\t\t\t\t<\/div>\n\t\t\t\t<div class=\"elementor-element elementor-element-e1c5314 elementor-widget elementor-widget-heading\" data-id=\"e1c5314\" data-element_type=\"widget\" data-e-type=\"widget\" data-widget_type=\"heading.default\">\n\t\t\t\t<div class=\"elementor-widget-container\">\n\t\t\t\t\t<p class=\"elementor-heading-title elementor-size-default\">Mit der F\u00e4hre sind Sie innerhalb von 50 Minuten wieder auf dem Festland in Split. Split ist die gr\u00f6\u00dfte und wichtigste Stadt in Dalmatien. Die Hafenstadt liegt auf einer kleinen Halbinsel im Adriatischen Meer. Lust auf einen Shoppingtag? Dann lohnt sich ein Besuch dieser alten Stadt.\n<\/p>\t\t\t\t<\/div>\n\t\t\t\t<\/div>\n\t\t\t\t\t<\/div>\n\t\t<\/div>\n\t\t\t\t\t<\/div>\n\t\t<\/section>\n\t\t\t\t<section class=\"elementor-section elementor-top-section elementor-element elementor-element-787603e elementor-section-boxed elementor-section-height-default elementor-section-height-default\" data-id=\"787603e\" data-element_type=\"section\" data-e-type=\"section\" data-settings=\"{&quot;background_background&quot;:&quot;classic&quot;}\">\n\t\t\t\t\t\t<div class=\"elementor-container elementor-column-gap-no\">\n\t\t\t\t\t<div class=\"elementor-column elementor-col-50 elementor-top-column elementor-element elementor-element-e0f17de elementor-invisible\" data-id=\"e0f17de\" data-element_type=\"column\" data-e-type=\"column\" data-settings=\"{&quot;animation&quot;:&quot;fadeIn&quot;,&quot;animation_delay&quot;:200}\">\n\t\t\t<div class=\"elementor-widget-wrap elementor-element-populated\">\n\t\t\t\t\t\t<div class=\"elementor-element elementor-element-7b0a83c elementor-widget elementor-widget-image\" data-id=\"7b0a83c\" data-element_type=\"widget\" data-e-type=\"widget\" data-widget_type=\"image.default\">\n\t\t\t\t<div class=\"elementor-widget-container\">\n\t\t\t\t\t\t\t\t\t\t\t\t\t\t\t<img decoding=\"async\" src=\"https:\/\/karina-apartments.com\/wp-content\/uploads\/elementor\/thumbs\/Hoofdstuk-omgeving-overige-activiteiten-q2zj3yxc4e3ugn79794za2ea0hzmltwnaz14cop3ds.jpg\" title=\"Hoofdstuk omgeving &#8218;overige activiteiten&#8216;\" alt=\"Hoofdstuk omgeving &#039;overige activiteiten&#039;\" loading=\"lazy\" \/>\t\t\t\t\t\t\t\t\t\t\t\t\t\t\t<\/div>\n\t\t\t\t<\/div>\n\t\t\t\t\t<\/div>\n\t\t<\/div>\n\t\t\t\t<div class=\"elementor-column elementor-col-50 elementor-top-column elementor-element elementor-element-0914dae elementor-invisible\" data-id=\"0914dae\" data-element_type=\"column\" data-e-type=\"column\" data-settings=\"{&quot;animation&quot;:&quot;fadeIn&quot;,&quot;animation_delay&quot;:500}\">\n\t\t\t<div class=\"elementor-widget-wrap elementor-element-populated\">\n\t\t\t\t\t\t<div class=\"elementor-element elementor-element-b2b141c elementor-widget elementor-widget-heading\" data-id=\"b2b141c\" data-element_type=\"widget\" data-e-type=\"widget\" data-widget_type=\"heading.default\">\n\t\t\t\t<div class=\"elementor-widget-container\">\n\t\t\t\t\t<h2 class=\"elementor-heading-title elementor-size-default\">Andere Aktivit\u00e4ten\n<\/h2>\t\t\t\t<\/div>\n\t\t\t\t<\/div>\n\t\t\t\t<div class=\"elementor-element elementor-element-a142c06 elementor-widget elementor-widget-heading\" data-id=\"a142c06\" data-element_type=\"widget\" data-e-type=\"widget\" data-widget_type=\"heading.default\">\n\t\t\t\t<div class=\"elementor-widget-container\">\n\t\t\t\t\t<p class=\"elementor-heading-title elementor-size-default\">Sie k\u00f6nnen auch viele Wassersportarten auf der Insel aus\u00fcben, Buggy oder ein Auto mieten, um die Insel zu erkunden. Es werden auch viele Bootsfahrten angeboten, um von Insel zu Insel zu h\u00fcpfen. Alles in allem eine tolle Gegend mit vielen verschiedenen Sehensw\u00fcrdigkeiten und Aktivit\u00e4ten.<br><br>\nIn der Stadt Selca gibt es eine Oliven\u00f6lverkostung namens Brachia Olive Oil Experience. In Skrip gibt es ein Oliven\u00f6lmuseum, das Sie besuchen k\u00f6nnen. In Bol gibt es eine Weinkellerei namens \"Stina winery bol\", in der Sie k\u00f6stliche lokale Weine probieren k\u00f6nnen.\n\n<\/p>\t\t\t\t<\/div>\n\t\t\t\t<\/div>\n\t\t\t\t\t<\/div>\n\t\t<\/div>\n\t\t\t\t\t<\/div>\n\t\t<\/section>\n\t\t\t\t<\/div>\n\t\t","protected":false},"excerpt":{"rendered":"<p>Sightseeing Die Insel Bra\u010d in Kroatien ist f\u00fcr zwei Dinge ber\u00fchmt: ihren wei\u00dfen Stein und den Strand Zlatni Rat. Der wei\u00dfe Stein von Bra\u010d wurde f\u00fcr den Bau des Diokletianpalastes in Split und des Wei\u00dfen Hauses in Washington DC verwendet. Aber das Beste daran: Bra\u010d ist mit mehr als 2700 Sonnenstunden im Jahr eine der &#8230;<\/p>\n","protected":false},"author":2,"featured_media":0,"parent":0,"menu_order":0,"comment_status":"closed","ping_status":"closed","template":"","meta":{"om_disable_all_campaigns":false,"inline_featured_image":false,"_monsterinsights_skip_tracking":false,"_monsterinsights_sitenote_active":false,"_monsterinsights_sitenote_note":"","_monsterinsights_sitenote_category":0,"footnotes":""},"class_list":["post-37472","page","type-page","status-publish","hentry"],"_links":{"self":[{"href":"https:\/\/karina-apartments.com\/de\/wp-json\/wp\/v2\/pages\/37472","targetHints":{"allow":["GET"]}}],"collection":[{"href":"https:\/\/karina-apartments.com\/de\/wp-json\/wp\/v2\/pages"}],"about":[{"href":"https:\/\/karina-apartments.com\/de\/wp-json\/wp\/v2\/types\/page"}],"author":[{"embeddable":true,"href":"https:\/\/karina-apartments.com\/de\/wp-json\/wp\/v2\/users\/2"}],"replies":[{"embeddable":true,"href":"https:\/\/karina-apartments.com\/de\/wp-json\/wp\/v2\/comments?post=37472"}],"version-history":[{"count":16,"href":"https:\/\/karina-apartments.com\/de\/wp-json\/wp\/v2\/pages\/37472\/revisions"}],"predecessor-version":[{"id":39337,"href":"https:\/\/karina-apartments.com\/de\/wp-json\/wp\/v2\/pages\/37472\/revisions\/39337"}],"wp:attachment":[{"href":"https:\/\/karina-apartments.com\/de\/wp-json\/wp\/v2\/media?parent=37472"}],"curies":[{"name":"wp","href":"https:\/\/api.w.org\/{rel}","templated":true}]}}